{"id":5131,"date":"2025-06-20T05:29:28","date_gmt":"2025-06-20T05:29:28","guid":{"rendered":"https:\/\/panamamissionindia.com\/?page_id=5131"},"modified":"2025-06-20T05:33:06","modified_gmt":"2025-06-20T05:33:06","slug":"panama-se-une-a-la-bhamla-foundation-para-conmemorar-el-dia-mundial-del-medio-ambiente","status":"publish","type":"page","link":"https:\/\/panamamissionindia.com\/oldnews\/panama-se-une-a-la-bhamla-foundation-para-conmemorar-el-dia-mundial-del-medio-ambiente\/","title":{"rendered":"Panam\u00e1 se une a la Bhamla Foundation para conmemorar el D\u00eda Mundial del Medio Ambiente"},"content":{"rendered":"<p>[vc_row][vc_column]<style type=\"text\/css\" data-type=\"the7_shortcodes-inline-css\">.gallery-carousel-shortcode.gallery-carousel-shortcode-id-87550b40465cbfda6cc24244d3a122f8 .owl-nav a {\n  width: 36px;\n  height: 36px;\n  border-radius: 500px;\n}\n.dt-arrow-border-on.gallery-carousel-shortcode.gallery-carousel-shortcode-id-87550b40465cbfda6cc24244d3a122f8 .owl-nav a:not(:hover):before {\n  border-width: 0px;\n}\n.dt-arrow-hover-border-on.gallery-carousel-shortcode.gallery-carousel-shortcode-id-87550b40465cbfda6cc24244d3a122f8 .owl-nav a:hover:after {\n  border-width: 0px;\n}\n.gallery-carousel-shortcode.gallery-carousel-shortcode-id-87550b40465cbfda6cc24244d3a122f8 .owl-nav a.owl-prev {\n  top: 50%;\n  transform: translateY(calc(-50% + 0px));\n  left: -43px;\n}\n@media all and (-ms-high-contrast: none) {\n  .gallery-carousel-shortcode.gallery-carousel-shortcode-id-87550b40465cbfda6cc24244d3a122f8 .owl-nav a.owl-prev {\n    transform: translateY(-50%);\n    margin-top: 0px;\n  }\n}\n.gallery-carousel-shortcode.gallery-carousel-shortcode-id-87550b40465cbfda6cc24244d3a122f8 .owl-nav a.owl-prev i {\n  padding: 0px 0px 0px 0px;\n}\n.gallery-carousel-shortcode.gallery-carousel-shortcode-id-87550b40465cbfda6cc24244d3a122f8 .owl-nav a.owl-next {\n  top: 50%;\n  transform: translateY(calc(-50% + 0px));\n  right: -43px;\n}\n@media all and (-ms-high-contrast: none) {\n  .gallery-carousel-shortcode.gallery-carousel-shortcode-id-87550b40465cbfda6cc24244d3a122f8 .owl-nav a.owl-next {\n    transform: translateY(-50%);\n    margin-top: 0px;\n  }\n}\n.gallery-carousel-shortcode.gallery-carousel-shortcode-id-87550b40465cbfda6cc24244d3a122f8 .owl-nav a.owl-next i {\n  padding: 0px 0px 0px 0px;\n}\n.gallery-carousel-shortcode.gallery-carousel-shortcode-id-87550b40465cbfda6cc24244d3a122f8 .owl-nav i {\n  font-size: 18px;\n}\n.gallery-carousel-shortcode.gallery-carousel-shortcode-id-87550b40465cbfda6cc24244d3a122f8 .owl-nav a:not(:hover) i,\n.gallery-carousel-shortcode.gallery-carousel-shortcode-id-87550b40465cbfda6cc24244d3a122f8 .owl-nav a:not(:hover) i:before {\n  color: #ffffff;\n  background: none;\n}\n.gallery-carousel-shortcode.gallery-carousel-shortcode-id-87550b40465cbfda6cc24244d3a122f8 .owl-nav a:hover i,\n.gallery-carousel-shortcode.gallery-carousel-shortcode-id-87550b40465cbfda6cc24244d3a122f8 .owl-nav a:hover i:before {\n  color: rgba(255,255,255,0.75);\n  background: none;\n}\n.gallery-carousel-shortcode.gallery-carousel-shortcode-id-87550b40465cbfda6cc24244d3a122f8 .owl-dots {\n  top: calc(100% + 20px);\n  left: 50%;\n  transform: translateX(calc(-50% + 0px));\n}\n@media all and (-ms-high-contrast: none) {\n  .gallery-carousel-shortcode.gallery-carousel-shortcode-id-87550b40465cbfda6cc24244d3a122f8 .owl-dots {\n    transform: translateX(-50%);\n    margin-left: 0px;\n  }\n}\n.gallery-carousel-shortcode.gallery-carousel-shortcode-id-87550b40465cbfda6cc24244d3a122f8 .owl-dot {\n  width: 10px;\n  height: 10px;\n  margin: 0 8px;\n}\n@media screen and (max-width: 778px) {\n  .gallery-carousel-shortcode.gallery-carousel-shortcode-id-87550b40465cbfda6cc24244d3a122f8.hide-arrows .owl-nav a {\n    display: none;\n  }\n}\n@media screen and (max-width: 778px) {\n  .gallery-carousel-shortcode.gallery-carousel-shortcode-id-87550b40465cbfda6cc24244d3a122f8.reposition-arrows .owl-nav .owl-prev {\n    top: 50%;\n    transform: translateY(calc(-50% + 0px));\n    left: 10px;\n  }\n  .gallery-carousel-shortcode.gallery-carousel-shortcode-id-87550b40465cbfda6cc24244d3a122f8.reposition-arrows .owl-nav .owl-next {\n    top: 50%;\n    transform: translateY(calc(-50% + 0px));\n    right: 10px;\n  }\n}\n@media screen and (max-width: 778px) and all and (-ms-high-contrast: none) {\n  .gallery-carousel-shortcode.gallery-carousel-shortcode-id-87550b40465cbfda6cc24244d3a122f8.reposition-arrows .owl-nav .owl-prev {\n    transform: translateY(-50%);\n    margin-top: 0px;\n  }\n}\n@media screen and (max-width: 778px) and all and (-ms-high-contrast: none) {\n  .gallery-carousel-shortcode.gallery-carousel-shortcode-id-87550b40465cbfda6cc24244d3a122f8.reposition-arrows .owl-nav .owl-next {\n    transform: translateY(-50%);\n    margin-top: 0px;\n  }\n}\n.gallery-carousel-shortcode.gallery-carousel-shortcode-id-87550b40465cbfda6cc24244d3a122f8 figure,\n.gallery-carousel-shortcode.gallery-carousel-shortcode-id-87550b40465cbfda6cc24244d3a122f8 .rollover,\n.gallery-carousel-shortcode.gallery-carousel-shortcode-id-87550b40465cbfda6cc24244d3a122f8 img,\n.gallery-carousel-shortcode.gallery-carousel-shortcode-id-87550b40465cbfda6cc24244d3a122f8 .gallery-rollover {\n  border-radius: 0px;\n}\n.gallery-carousel-shortcode.gallery-carousel-shortcode-id-87550b40465cbfda6cc24244d3a122f8.enable-bg-rollover .gallery-rollover {\n  background: -webkit-linear-gradient();\n  background: linear-gradient();\n}\n.gallery-carousel-shortcode.gallery-carousel-shortcode-id-87550b40465cbfda6cc24244d3a122f8.enable-img-shadow .owl-stage-outer {\n  padding: 14px 0;\n}\n.gallery-carousel-shortcode.gallery-carousel-shortcode-id-87550b40465cbfda6cc24244d3a122f8.enable-bg-rollover.hover-scale figure .rollover:after {\n  background: -webkit-linear-gradient();\n  background: linear-gradient();\n}\n.gallery-carousel-shortcode.gallery-carousel-shortcode-id-87550b40465cbfda6cc24244d3a122f8.gallery-shortcode .gallery-zoom-ico {\n  width: 44px;\n  height: 44px;\n  line-height: 44px;\n  border-radius: 100px;\n  margin: -22px 0 0 -22px;\n  border-width: 0px;\n}\n.dt-icon-bg-on.gallery-carousel-shortcode.gallery-carousel-shortcode-id-87550b40465cbfda6cc24244d3a122f8.gallery-shortcode .gallery-zoom-ico {\n  background: rgba(255,255,255,0.3);\n  box-shadow: none;\n}\n.gallery-carousel-shortcode.gallery-carousel-shortcode-id-87550b40465cbfda6cc24244d3a122f8.gallery-shortcode .gallery-zoom-ico:before,\n.gallery-carousel-shortcode.gallery-carousel-shortcode-id-87550b40465cbfda6cc24244d3a122f8.gallery-shortcode .gallery-zoom-ico span {\n  font-size: 32px;\n  line-height: 44px;\n  color: #ffffff;\n  background: none;\n}\n<\/style><div class=\"owl-carousel gallery-carousel-shortcode gallery-shortcode  dt-gallery-container dt-owl-carousel-call gallery-carousel-shortcode-id-87550b40465cbfda6cc24244d3a122f8 quick-scale-img enable-bg-rollover meta-info-off dt-arrow-border-on dt-arrow-hover-border-on bullets-small-dot-stroke reposition-arrows dt-icon-bg-off arrows-bg-on disable-arrows-hover-bg arrows-hover-bg-on  hover-fade \" data-scroll-mode=\"1\" data-col-num=\"1\" data-wide-col-num=\"1\" data-laptop-col=\"1\" data-h-tablet-columns-num=\"1\" data-v-tablet-columns-num=\"1\" data-phone-columns-num=\"1\" data-col-gap=\"10\" data-stage-padding=\"0\" data-speed=\"600\" data-autoplay=\"false\" data-autoplay_speed=\"6000\" data-arrows=\"true\" data-bullet=\"false\" data-next-icon=\"icon-ar-017-r\" data-prev-icon=\"icon-ar-017-l\" data-img-shadow-size=\"12px\" data-img-shadow-spread=\"3px\"><div data-post-id=\"5134\" data-date=\"2025-06-20T05:31:09+00:00\" data-name=\"WhatsApp Image 2025-06-19 at 5.32.42 PM\"><figure class=\"post\"><a href=\"https:\/\/panamamissionindia.com\/oldnews\/wp-content\/uploads\/2025\/06\/WhatsApp-Image-2025-06-19-at-5.32.42-PM.jpeg\" class=\"rollover dt-pswp-item layzr-bg\" data-large_image_width=\"1600\" data-large_image_height=\"1200\" data-dt-img-description=\"\" title=\"WhatsApp Image 2025-06-19 at 5.32.42 PM\"><img loading=\"lazy\" decoding=\"async\" class=\"preload-me owl-lazy-load\" src=\"data:image\/svg+xml,%3Csvg%20xmlns%3D&#39;http%3A%2F%2Fwww.w3.org%2F2000%2Fsvg&#39;%20viewBox%3D&#39;0%200%201599%201066&#39;%2F%3E\" data-src=\"https:\/\/panamamissionindia.com\/oldnews\/wp-content\/uploads\/2025\/06\/WhatsApp-Image-2025-06-19-at-5.32.42-PM-1599x1066.jpeg\" data-srcset=\"https:\/\/panamamissionindia.com\/oldnews\/wp-content\/uploads\/2025\/06\/WhatsApp-Image-2025-06-19-at-5.32.42-PM-1599x1066.jpeg 1599w, https:\/\/panamamissionindia.com\/oldnews\/wp-content\/uploads\/2025\/06\/WhatsApp-Image-2025-06-19-at-5.32.42-PM-1600x1066.jpeg 1600w\" alt=\"\" width=\"1599\" height=\"1066\"  \/><span class=\"gallery-rollover\"><span class=\"gallery-zoom-ico icomoon-the7-font-the7-zoom-06\"><span><\/span><\/span><\/span><\/a><\/figure><\/div><div data-post-id=\"5135\" data-date=\"2025-06-20T05:31:13+00:00\" data-name=\"WhatsApp Image 2025-06-19 at 5.32.43 PM(1)\"><figure class=\"post\"><a href=\"https:\/\/panamamissionindia.com\/oldnews\/wp-content\/uploads\/2025\/06\/WhatsApp-Image-2025-06-19-at-5.32.43-PM1.jpeg\" class=\"rollover dt-pswp-item layzr-bg\" data-large_image_width=\"1280\" data-large_image_height=\"960\" data-dt-img-description=\"\" title=\"WhatsApp Image 2025-06-19 at 5.32.43 PM(1)\"><img loading=\"lazy\" decoding=\"async\" class=\"preload-me owl-lazy-load\" src=\"data:image\/svg+xml,%3Csvg%20xmlns%3D&#39;http%3A%2F%2Fwww.w3.org%2F2000%2Fsvg&#39;%20viewBox%3D&#39;0%200%201279%20853&#39;%2F%3E\" data-src=\"https:\/\/panamamissionindia.com\/oldnews\/wp-content\/uploads\/2025\/06\/WhatsApp-Image-2025-06-19-at-5.32.43-PM1-1279x853.jpeg\" data-srcset=\"https:\/\/panamamissionindia.com\/oldnews\/wp-content\/uploads\/2025\/06\/WhatsApp-Image-2025-06-19-at-5.32.43-PM1-1279x853.jpeg 1279w, https:\/\/panamamissionindia.com\/oldnews\/wp-content\/uploads\/2025\/06\/WhatsApp-Image-2025-06-19-at-5.32.43-PM1-1280x853.jpeg 1280w\" alt=\"\" width=\"1279\" height=\"853\"  \/><span class=\"gallery-rollover\"><span class=\"gallery-zoom-ico icomoon-the7-font-the7-zoom-06\"><span><\/span><\/span><\/span><\/a><\/figure><\/div><div data-post-id=\"5136\" data-date=\"2025-06-20T05:31:16+00:00\" data-name=\"WhatsApp Image 2025-06-19 at 5.32.43 PM(2)\"><figure class=\"post\"><a href=\"https:\/\/panamamissionindia.com\/oldnews\/wp-content\/uploads\/2025\/06\/WhatsApp-Image-2025-06-19-at-5.32.43-PM2.jpeg\" class=\"rollover dt-pswp-item layzr-bg\" data-large_image_width=\"1408\" data-large_image_height=\"1056\" data-dt-img-description=\"\" title=\"WhatsApp Image 2025-06-19 at 5.32.43 PM(2)\"><img loading=\"lazy\" decoding=\"async\" class=\"preload-me owl-lazy-load\" src=\"data:image\/svg+xml,%3Csvg%20xmlns%3D&#39;http%3A%2F%2Fwww.w3.org%2F2000%2Fsvg&#39;%20viewBox%3D&#39;0%200%201407%20938&#39;%2F%3E\" data-src=\"https:\/\/panamamissionindia.com\/oldnews\/wp-content\/uploads\/2025\/06\/WhatsApp-Image-2025-06-19-at-5.32.43-PM2-1407x938.jpeg\" data-srcset=\"https:\/\/panamamissionindia.com\/oldnews\/wp-content\/uploads\/2025\/06\/WhatsApp-Image-2025-06-19-at-5.32.43-PM2-1407x938.jpeg 1407w, https:\/\/panamamissionindia.com\/oldnews\/wp-content\/uploads\/2025\/06\/WhatsApp-Image-2025-06-19-at-5.32.43-PM2-1408x938.jpeg 1408w\" alt=\"\" width=\"1407\" height=\"938\"  \/><span class=\"gallery-rollover\"><span class=\"gallery-zoom-ico icomoon-the7-font-the7-zoom-06\"><span><\/span><\/span><\/span><\/a><\/figure><\/div><div data-post-id=\"5137\" data-date=\"2025-06-20T05:31:22+00:00\" data-name=\"WhatsApp Image 2025-06-19 at 5.32.43 PM\"><figure class=\"post\"><a href=\"https:\/\/panamamissionindia.com\/oldnews\/wp-content\/uploads\/2025\/06\/WhatsApp-Image-2025-06-19-at-5.32.43-PM.jpeg\" class=\"rollover dt-pswp-item layzr-bg\" data-large_image_width=\"1600\" data-large_image_height=\"1066\" data-dt-img-description=\"\" title=\"WhatsApp Image 2025-06-19 at 5.32.43 PM\"><img loading=\"lazy\" decoding=\"async\" class=\"preload-me owl-lazy-load\" src=\"data:image\/svg+xml,%3Csvg%20xmlns%3D&#39;http%3A%2F%2Fwww.w3.org%2F2000%2Fsvg&#39;%20viewBox%3D&#39;0%200%201599%201066&#39;%2F%3E\" data-src=\"https:\/\/panamamissionindia.com\/oldnews\/wp-content\/uploads\/2025\/06\/WhatsApp-Image-2025-06-19-at-5.32.43-PM.jpeg\" data-srcset=\"https:\/\/panamamissionindia.com\/oldnews\/wp-content\/uploads\/2025\/06\/WhatsApp-Image-2025-06-19-at-5.32.43-PM.jpeg 1599w\" alt=\"\" width=\"1599\" height=\"1066\"  \/><span class=\"gallery-rollover\"><span class=\"gallery-zoom-ico icomoon-the7-font-the7-zoom-06\"><span><\/span><\/span><\/span><\/a><\/figure><\/div><div data-post-id=\"5138\" data-date=\"2025-06-20T05:31:27+00:00\" data-name=\"WhatsApp Image 2025-06-19 at 5.39.18 PM(1)\"><figure class=\"post\"><a href=\"https:\/\/panamamissionindia.com\/oldnews\/wp-content\/uploads\/2025\/06\/WhatsApp-Image-2025-06-19-at-5.39.18-PM1.jpeg\" class=\"rollover dt-pswp-item layzr-bg\" data-large_image_width=\"1600\" data-large_image_height=\"1066\" data-dt-img-description=\"\" title=\"WhatsApp Image 2025-06-19 at 5.39.18 PM(1)\"><img loading=\"lazy\" decoding=\"async\" class=\"preload-me owl-lazy-load\" src=\"data:image\/svg+xml,%3Csvg%20xmlns%3D&#39;http%3A%2F%2Fwww.w3.org%2F2000%2Fsvg&#39;%20viewBox%3D&#39;0%200%201599%201066&#39;%2F%3E\" data-src=\"https:\/\/panamamissionindia.com\/oldnews\/wp-content\/uploads\/2025\/06\/WhatsApp-Image-2025-06-19-at-5.39.18-PM1.jpeg\" data-srcset=\"https:\/\/panamamissionindia.com\/oldnews\/wp-content\/uploads\/2025\/06\/WhatsApp-Image-2025-06-19-at-5.39.18-PM1.jpeg 1599w\" alt=\"\" width=\"1599\" height=\"1066\"  \/><span class=\"gallery-rollover\"><span class=\"gallery-zoom-ico icomoon-the7-font-the7-zoom-06\"><span><\/span><\/span><\/span><\/a><\/figure><\/div><div data-post-id=\"5139\" data-date=\"2025-06-20T05:31:30+00:00\" data-name=\"WhatsApp Image 2025-06-19 at 5.39.18 PM\"><figure class=\"post\"><a href=\"https:\/\/panamamissionindia.com\/oldnews\/wp-content\/uploads\/2025\/06\/WhatsApp-Image-2025-06-19-at-5.39.18-PM.jpeg\" class=\"rollover dt-pswp-item layzr-bg\" data-large_image_width=\"1600\" data-large_image_height=\"1066\" data-dt-img-description=\"\" title=\"WhatsApp Image 2025-06-19 at 5.39.18 PM\"><img loading=\"lazy\" decoding=\"async\" class=\"preload-me owl-lazy-load\" src=\"data:image\/svg+xml,%3Csvg%20xmlns%3D&#39;http%3A%2F%2Fwww.w3.org%2F2000%2Fsvg&#39;%20viewBox%3D&#39;0%200%201599%201066&#39;%2F%3E\" data-src=\"https:\/\/panamamissionindia.com\/oldnews\/wp-content\/uploads\/2025\/06\/WhatsApp-Image-2025-06-19-at-5.39.18-PM.jpeg\" data-srcset=\"https:\/\/panamamissionindia.com\/oldnews\/wp-content\/uploads\/2025\/06\/WhatsApp-Image-2025-06-19-at-5.39.18-PM.jpeg 1599w\" alt=\"\" width=\"1599\" height=\"1066\"  \/><span class=\"gallery-rollover\"><span class=\"gallery-zoom-ico icomoon-the7-font-the7-zoom-06\"><span><\/span><\/span><\/span><\/a><\/figure><\/div><\/div>[vc_empty_space][vc_column_text]<strong>Panam\u00e1 se une a la Bhamla Foundation para conmemorar el D\u00eda Mundial del Medio Ambiente<\/strong><\/p>\n<h6>19 June 2025<\/h6>\n<p>Con motivo del D\u00eda Mundial del Medio Ambiente, celebrado a inicios de junio, el Consulado General de Panam\u00e1 en Mumbai particip\u00f3 activamente en las jornadas organizadas por la Bhamla Foundation, una destacada organizaci\u00f3n sin fines de lucro que, desde su fundaci\u00f3n en 1998 por el activista ambiental Asif Bhamla, ha promovido con firme compromiso la acci\u00f3n clim\u00e1tica y la sostenibilidad, consolid\u00e1ndose como un verdadero movimiento ciudadano en favor del medio ambiente.<\/p>\n<p>Durante el segundo d\u00eda de actividades, en el marco de la ciclot\u00f3n ambiental, la Encargada del Consulado de Panam\u00e1 subray\u00f3 que \u201cPanam\u00e1, como uno de los pocos pa\u00edses carbono negativos del mundo, se une con convicci\u00f3n al llamado a la acci\u00f3n y a la toma de conciencia ambiental global\u201d. Asimismo, felicit\u00f3 a la Bhamla Foundation por esta valiosa iniciativa que congreg\u00f3 a reconocidas personalidades del cine, autoridades gubernamentales y cientos de voluntarios comprometidos con la protecci\u00f3n del planeta, resaltando la importancia de actuar colectivamente hacia un futuro sostenible.<\/p>\n<p>Con esta participaci\u00f3n, Panam\u00e1 reafirma su compromiso con los Objetivos de Desarrollo Sostenible (ODS) y valora profundamente la oportunidad de sumarse a iniciativas de sensibilizaci\u00f3n ambiental que fortalecen la cooperaci\u00f3n internacional y la responsabilidad compartida en la lucha contra el cambio clim\u00e1tico.<\/p>\n<div class=\"heateor_sss_sharing_container heateor_sss_horizontal_sharing\" data-heateor-ss-offset=\"0\" data-heateor-sss-href='https:\/\/panamamissionindia.com\/oldnews\/panama-se-une-a-la-bhamla-foundation-para-conmemorar-el-dia-mundial-del-medio-ambiente\/'><div class=\"heateor_sss_sharing_ul\"><a aria-label=\"Facebook\" class=\"heateor_sss_facebook\" href=\"https:\/\/www.facebook.com\/sharer\/sharer.php?u=https%3A%2F%2Fpanamamissionindia.com%2Foldnews%2Fpanama-se-une-a-la-bhamla-foundation-para-conmemorar-el-dia-mundial-del-medio-ambiente%2F\" title=\"Facebook\" rel=\"nofollow noopener\" target=\"_blank\" style=\"font-size:32px!important;box-shadow:none;display:inline-block;vertical-align:middle\"><span class=\"heateor_sss_svg\" style=\"background-color:#0765FE;width:35px;height:35px;border-radius:999px;display:inline-block;opacity:1;float:left;font-size:32px;box-shadow:none;display:inline-block;font-size:16px;padding:0 4px;vertical-align:middle;background-repeat:repeat;overflow:hidden;padding:0;cursor:pointer;box-sizing:content-box\"><svg style=\"display:block;border-radius:999px;\" focusable=\"false\" aria-hidden=\"true\" xmlns=\"http:\/\/www.w3.org\/2000\/svg\" width=\"100%\" height=\"100%\" viewBox=\"0 0 32 32\"><path fill=\"#fff\" d=\"M28 16c0-6.627-5.373-12-12-12S4 9.373 4 16c0 5.628 3.875 10.35 9.101 11.647v-7.98h-2.474V16H13.1v-1.58c0-4.085 1.849-5.978 5.859-5.978.76 0 2.072.15 2.608.298v3.325c-.283-.03-.775-.045-1.386-.045-1.967 0-2.728.745-2.728 2.683V16h3.92l-.673 3.667h-3.247v8.245C23.395 27.195 28 22.135 28 16Z\"><\/path><\/svg><\/span><\/a><a aria-label=\"Twitter\" class=\"heateor_sss_button_twitter\" href=\"http:\/\/twitter.com\/intent\/tweet?text=Panam%C3%A1%20se%20une%20a%20la%20Bhamla%20Foundation%20para%20conmemorar%20el%20D%C3%ADa%20Mundial%20del%20Medio%20Ambiente&url=https%3A%2F%2Fpanamamissionindia.com%2Foldnews%2Fpanama-se-une-a-la-bhamla-foundation-para-conmemorar-el-dia-mundial-del-medio-ambiente%2F\" title=\"Twitter\" rel=\"nofollow noopener\" target=\"_blank\" style=\"font-size:32px!important;box-shadow:none;display:inline-block;vertical-align:middle\"><span class=\"heateor_sss_svg heateor_sss_s__default heateor_sss_s_twitter\" style=\"background-color:#55acee;width:35px;height:35px;border-radius:999px;display:inline-block;opacity:1;float:left;font-size:32px;box-shadow:none;display:inline-block;font-size:16px;padding:0 4px;vertical-align:middle;background-repeat:repeat;overflow:hidden;padding:0;cursor:pointer;box-sizing:content-box\"><svg style=\"display:block;border-radius:999px;\" focusable=\"false\" aria-hidden=\"true\" xmlns=\"http:\/\/www.w3.org\/2000\/svg\" width=\"100%\" height=\"100%\" viewBox=\"-4 -4 39 39\"><path d=\"M28 8.557a9.913 9.913 0 0 1-2.828.775 4.93 4.93 0 0 0 2.166-2.725 9.738 9.738 0 0 1-3.13 1.194 4.92 4.92 0 0 0-3.593-1.55 4.924 4.924 0 0 0-4.794 6.049c-4.09-.21-7.72-2.17-10.15-5.15a4.942 4.942 0 0 0-.665 2.477c0 1.71.87 3.214 2.19 4.1a4.968 4.968 0 0 1-2.23-.616v.06c0 2.39 1.7 4.38 3.952 4.83-.414.115-.85.174-1.297.174-.318 0-.626-.03-.928-.086a4.935 4.935 0 0 0 4.6 3.42 9.893 9.893 0 0 1-6.114 2.107c-.398 0-.79-.023-1.175-.068a13.953 13.953 0 0 0 7.55 2.213c9.056 0 14.01-7.507 14.01-14.013 0-.213-.005-.426-.015-.637.96-.695 1.795-1.56 2.455-2.55z\" fill=\"#fff\"><\/path><\/svg><\/span><\/a><a aria-label=\"Linkedin\" class=\"heateor_sss_button_linkedin\" href=\"https:\/\/www.linkedin.com\/sharing\/share-offsite\/?url=https%3A%2F%2Fpanamamissionindia.com%2Foldnews%2Fpanama-se-une-a-la-bhamla-foundation-para-conmemorar-el-dia-mundial-del-medio-ambiente%2F\" title=\"Linkedin\" rel=\"nofollow noopener\" target=\"_blank\" style=\"font-size:32px!important;box-shadow:none;display:inline-block;vertical-align:middle\"><span class=\"heateor_sss_svg heateor_sss_s__default heateor_sss_s_linkedin\" style=\"background-color:#0077b5;width:35px;height:35px;border-radius:999px;display:inline-block;opacity:1;float:left;font-size:32px;box-shadow:none;display:inline-block;font-size:16px;padding:0 4px;vertical-align:middle;background-repeat:repeat;overflow:hidden;padding:0;cursor:pointer;box-sizing:content-box\"><svg style=\"display:block;border-radius:999px;\" focusable=\"false\" aria-hidden=\"true\" xmlns=\"http:\/\/www.w3.org\/2000\/svg\" width=\"100%\" height=\"100%\" viewBox=\"0 0 32 32\"><path d=\"M6.227 12.61h4.19v13.48h-4.19V12.61zm2.095-6.7a2.43 2.43 0 0 1 0 4.86c-1.344 0-2.428-1.09-2.428-2.43s1.084-2.43 2.428-2.43m4.72 6.7h4.02v1.84h.058c.56-1.058 1.927-2.176 3.965-2.176 4.238 0 5.02 2.792 5.02 6.42v7.395h-4.183v-6.56c0-1.564-.03-3.574-2.178-3.574-2.18 0-2.514 1.7-2.514 3.46v6.668h-4.187V12.61z\" fill=\"#fff\"><\/path><\/svg><\/span><\/a><a aria-label=\"Pinterest\" class=\"heateor_sss_button_pinterest\" href=\"https:\/\/panamamissionindia.com\/oldnews\/panama-se-une-a-la-bhamla-foundation-para-conmemorar-el-dia-mundial-del-medio-ambiente\/\" onclick=\"event.preventDefault();javascript:void( (function() {var e=document.createElement('script' );e.setAttribute('type','text\/javascript' );e.setAttribute('charset','UTF-8' );e.setAttribute('src','\/\/assets.pinterest.com\/js\/pinmarklet.js?r='+Math.random()*99999999);document.body.appendChild(e)})());\" title=\"Pinterest\" rel=\"nofollow noopener\" style=\"font-size:32px!important;box-shadow:none;display:inline-block;vertical-align:middle\"><span class=\"heateor_sss_svg heateor_sss_s__default heateor_sss_s_pinterest\" style=\"background-color:#cc2329;width:35px;height:35px;border-radius:999px;display:inline-block;opacity:1;float:left;font-size:32px;box-shadow:none;display:inline-block;font-size:16px;padding:0 4px;vertical-align:middle;background-repeat:repeat;overflow:hidden;padding:0;cursor:pointer;box-sizing:content-box\"><svg style=\"display:block;border-radius:999px;\" focusable=\"false\" aria-hidden=\"true\" xmlns=\"http:\/\/www.w3.org\/2000\/svg\" width=\"100%\" height=\"100%\" viewBox=\"-2 -2 35 35\"><path fill=\"#fff\" d=\"M16.539 4.5c-6.277 0-9.442 4.5-9.442 8.253 0 2.272.86 4.293 2.705 5.046.303.125.574.005.662-.33.061-.231.205-.816.27-1.06.088-.331.053-.447-.191-.736-.532-.627-.873-1.439-.873-2.591 0-3.338 2.498-6.327 6.505-6.327 3.548 0 5.497 2.168 5.497 5.062 0 3.81-1.686 7.025-4.188 7.025-1.382 0-2.416-1.142-2.085-2.545.397-1.674 1.166-3.48 1.166-4.689 0-1.081-.581-1.983-1.782-1.983-1.413 0-2.548 1.462-2.548 3.419 0 1.247.421 2.091.421 2.091l-1.699 7.199c-.505 2.137-.076 4.755-.039 5.019.021.158.223.196.314.077.13-.17 1.813-2.247 2.384-4.324.162-.587.929-3.631.929-3.631.46.876 1.801 1.646 3.227 1.646 4.247 0 7.128-3.871 7.128-9.053.003-3.918-3.317-7.568-8.361-7.568z\"\/><\/svg><\/span><\/a><a aria-label=\"Whatsapp\" class=\"heateor_sss_whatsapp\" href=\"https:\/\/api.whatsapp.com\/send?text=Panam%C3%A1%20se%20une%20a%20la%20Bhamla%20Foundation%20para%20conmemorar%20el%20D%C3%ADa%20Mundial%20del%20Medio%20Ambiente https%3A%2F%2Fpanamamissionindia.com%2Foldnews%2Fpanama-se-une-a-la-bhamla-foundation-para-conmemorar-el-dia-mundial-del-medio-ambiente%2F\" title=\"Whatsapp\" rel=\"nofollow noopener\" target=\"_blank\" style=\"font-size:32px!important;box-shadow:none;display:inline-block;vertical-align:middle\"><span class=\"heateor_sss_svg\" style=\"background-color:#55eb4c;width:35px;height:35px;border-radius:999px;display:inline-block;opacity:1;float:left;font-size:32px;box-shadow:none;display:inline-block;font-size:16px;padding:0 4px;vertical-align:middle;background-repeat:repeat;overflow:hidden;padding:0;cursor:pointer;box-sizing:content-box\"><svg style=\"display:block;border-radius:999px;\" focusable=\"false\" aria-hidden=\"true\" xmlns=\"http:\/\/www.w3.org\/2000\/svg\" width=\"100%\" height=\"100%\" viewBox=\"-6 -5 40 40\"><path class=\"heateor_sss_svg_stroke heateor_sss_no_fill\" stroke=\"#fff\" stroke-width=\"2\" fill=\"none\" d=\"M 11.579798566743314 24.396926207859085 A 10 10 0 1 0 6.808479557110079 20.73576436351046\"><\/path><path d=\"M 7 19 l -1 6 l 6 -1\" class=\"heateor_sss_no_fill heateor_sss_svg_stroke\" stroke=\"#fff\" stroke-width=\"2\" fill=\"none\"><\/path><path d=\"M 10 10 q -1 8 8 11 c 5 -1 0 -6 -1 -3 q -4 -3 -5 -5 c 4 -2 -1 -5 -1 -4\" fill=\"#fff\"><\/path><\/svg><\/span><\/a><\/div><div class=\"heateorSssClear\"><\/div><\/div>[\/vc_column_text][\/vc_column][\/vc_row]<\/p>\n","protected":false},"excerpt":{"rendered":"<p>[vc_row][vc_column][vc_empty_space][vc_column_text]Panam\u00e1 se une a la Bhamla Foundation para conmemorar el D\u00eda Mundial del Medio Ambiente 19 June 2025 Con motivo del D\u00eda Mundial del Medio Ambiente, celebrado a inicios de junio, el Consulado General de Panam\u00e1 en Mumbai particip\u00f3 activamente en las jornadas organizadas por la Bhamla Foundation, una destacada organizaci\u00f3n sin fines de lucro&hellip;<\/p>\n","protected":false},"author":1,"featured_media":0,"parent":0,"menu_order":0,"comment_status":"closed","ping_status":"closed","template":"","meta":{"_themeisle_gutenberg_block_has_review":false},"class_list":["post-5131","page","type-page","status-publish","hentry","description-off"],"yoast_head":"<!-- This site is optimized with the Yoast SEO plugin v22.5 - https:\/\/yoast.com\/wordpress\/plugins\/seo\/ -->\n<title>Panam\u00e1 se une a la Bhamla Foundation para conmemorar el D\u00eda Mundial del Medio Ambiente - Panama Consulate<\/title>\n<meta name=\"robots\" content=\"index, follow, max-snippet:-1, max-image-preview:large, max-video-preview:-1\" \/>\n<link rel=\"canonical\" href=\"https:\/\/panamamissionindia.com\/oldnews\/panama-se-une-a-la-bhamla-foundation-para-conmemorar-el-dia-mundial-del-medio-ambiente\/\" \/>\n<meta property=\"og:locale\" content=\"en_US\" \/>\n<meta property=\"og:type\" content=\"article\" \/>\n<meta property=\"og:title\" content=\"Panam\u00e1 se une a la Bhamla Foundation para conmemorar el D\u00eda Mundial del Medio Ambiente - Panama Consulate\" \/>\n<meta property=\"og:description\" content=\"[vc_row][vc_column][vc_empty_space][vc_column_text]Panam\u00e1 se une a la Bhamla Foundation para conmemorar el D\u00eda Mundial del Medio Ambiente 19 June 2025 Con motivo del D\u00eda Mundial del Medio Ambiente, celebrado a inicios de junio, el Consulado General de Panam\u00e1 en Mumbai particip\u00f3 activamente en las jornadas organizadas por la Bhamla Foundation, una destacada organizaci\u00f3n sin fines de lucro&hellip;\" \/>\n<meta property=\"og:url\" content=\"https:\/\/panamamissionindia.com\/oldnews\/panama-se-une-a-la-bhamla-foundation-para-conmemorar-el-dia-mundial-del-medio-ambiente\/\" \/>\n<meta property=\"og:site_name\" content=\"Panama Consulate\" \/>\n<meta property=\"article:modified_time\" content=\"2025-06-20T05:33:06+00:00\" \/>\n<meta name=\"twitter:card\" content=\"summary_large_image\" \/>\n<meta name=\"twitter:label1\" content=\"Est. reading time\" \/>\n\t<meta name=\"twitter:data1\" content=\"2 minutes\" \/>\n<script type=\"application\/ld+json\" class=\"yoast-schema-graph\">{\"@context\":\"https:\/\/schema.org\",\"@graph\":[{\"@type\":\"WebPage\",\"@id\":\"https:\/\/panamamissionindia.com\/oldnews\/panama-se-une-a-la-bhamla-foundation-para-conmemorar-el-dia-mundial-del-medio-ambiente\/\",\"url\":\"https:\/\/panamamissionindia.com\/oldnews\/panama-se-une-a-la-bhamla-foundation-para-conmemorar-el-dia-mundial-del-medio-ambiente\/\",\"name\":\"Panam\u00e1 se une a la Bhamla Foundation para conmemorar el D\u00eda Mundial del Medio Ambiente - Panama Consulate\",\"isPartOf\":{\"@id\":\"https:\/\/panamamissionindia.com\/oldnews\/#website\"},\"datePublished\":\"2025-06-20T05:29:28+00:00\",\"dateModified\":\"2025-06-20T05:33:06+00:00\",\"breadcrumb\":{\"@id\":\"https:\/\/panamamissionindia.com\/oldnews\/panama-se-une-a-la-bhamla-foundation-para-conmemorar-el-dia-mundial-del-medio-ambiente\/#breadcrumb\"},\"inLanguage\":\"en-US\",\"potentialAction\":[{\"@type\":\"ReadAction\",\"target\":[\"https:\/\/panamamissionindia.com\/oldnews\/panama-se-une-a-la-bhamla-foundation-para-conmemorar-el-dia-mundial-del-medio-ambiente\/\"]}]},{\"@type\":\"BreadcrumbList\",\"@id\":\"https:\/\/panamamissionindia.com\/oldnews\/panama-se-une-a-la-bhamla-foundation-para-conmemorar-el-dia-mundial-del-medio-ambiente\/#breadcrumb\",\"itemListElement\":[{\"@type\":\"ListItem\",\"position\":1,\"name\":\"Home\",\"item\":\"https:\/\/panamamissionindia.com\/oldnews\/\"},{\"@type\":\"ListItem\",\"position\":2,\"name\":\"Panam\u00e1 se une a la Bhamla Foundation para conmemorar el D\u00eda Mundial del Medio Ambiente\"}]},{\"@type\":\"WebSite\",\"@id\":\"https:\/\/panamamissionindia.com\/oldnews\/#website\",\"url\":\"https:\/\/panamamissionindia.com\/oldnews\/\",\"name\":\"Panama Consulate\",\"description\":\"Panama Consulate Mumbai\",\"potentialAction\":[{\"@type\":\"SearchAction\",\"target\":{\"@type\":\"EntryPoint\",\"urlTemplate\":\"https:\/\/panamamissionindia.com\/oldnews\/?s={search_term_string}\"},\"query-input\":\"required name=search_term_string\"}],\"inLanguage\":\"en-US\"}]}<\/script>\n<!-- \/ Yoast SEO plugin. -->","yoast_head_json":{"title":"Panam\u00e1 se une a la Bhamla Foundation para conmemorar el D\u00eda Mundial del Medio Ambiente - Panama Consulate","robots":{"index":"index","follow":"follow","max-snippet":"max-snippet:-1","max-image-preview":"max-image-preview:large","max-video-preview":"max-video-preview:-1"},"canonical":"https:\/\/panamamissionindia.com\/oldnews\/panama-se-une-a-la-bhamla-foundation-para-conmemorar-el-dia-mundial-del-medio-ambiente\/","og_locale":"en_US","og_type":"article","og_title":"Panam\u00e1 se une a la Bhamla Foundation para conmemorar el D\u00eda Mundial del Medio Ambiente - Panama Consulate","og_description":"[vc_row][vc_column][vc_empty_space][vc_column_text]Panam\u00e1 se une a la Bhamla Foundation para conmemorar el D\u00eda Mundial del Medio Ambiente 19 June 2025 Con motivo del D\u00eda Mundial del Medio Ambiente, celebrado a inicios de junio, el Consulado General de Panam\u00e1 en Mumbai particip\u00f3 activamente en las jornadas organizadas por la Bhamla Foundation, una destacada organizaci\u00f3n sin fines de lucro&hellip;","og_url":"https:\/\/panamamissionindia.com\/oldnews\/panama-se-une-a-la-bhamla-foundation-para-conmemorar-el-dia-mundial-del-medio-ambiente\/","og_site_name":"Panama Consulate","article_modified_time":"2025-06-20T05:33:06+00:00","twitter_card":"summary_large_image","twitter_misc":{"Est. reading time":"2 minutes"},"schema":{"@context":"https:\/\/schema.org","@graph":[{"@type":"WebPage","@id":"https:\/\/panamamissionindia.com\/oldnews\/panama-se-une-a-la-bhamla-foundation-para-conmemorar-el-dia-mundial-del-medio-ambiente\/","url":"https:\/\/panamamissionindia.com\/oldnews\/panama-se-une-a-la-bhamla-foundation-para-conmemorar-el-dia-mundial-del-medio-ambiente\/","name":"Panam\u00e1 se une a la Bhamla Foundation para conmemorar el D\u00eda Mundial del Medio Ambiente - Panama Consulate","isPartOf":{"@id":"https:\/\/panamamissionindia.com\/oldnews\/#website"},"datePublished":"2025-06-20T05:29:28+00:00","dateModified":"2025-06-20T05:33:06+00:00","breadcrumb":{"@id":"https:\/\/panamamissionindia.com\/oldnews\/panama-se-une-a-la-bhamla-foundation-para-conmemorar-el-dia-mundial-del-medio-ambiente\/#breadcrumb"},"inLanguage":"en-US","potentialAction":[{"@type":"ReadAction","target":["https:\/\/panamamissionindia.com\/oldnews\/panama-se-une-a-la-bhamla-foundation-para-conmemorar-el-dia-mundial-del-medio-ambiente\/"]}]},{"@type":"BreadcrumbList","@id":"https:\/\/panamamissionindia.com\/oldnews\/panama-se-une-a-la-bhamla-foundation-para-conmemorar-el-dia-mundial-del-medio-ambiente\/#breadcrumb","itemListElement":[{"@type":"ListItem","position":1,"name":"Home","item":"https:\/\/panamamissionindia.com\/oldnews\/"},{"@type":"ListItem","position":2,"name":"Panam\u00e1 se une a la Bhamla Foundation para conmemorar el D\u00eda Mundial del Medio Ambiente"}]},{"@type":"WebSite","@id":"https:\/\/panamamissionindia.com\/oldnews\/#website","url":"https:\/\/panamamissionindia.com\/oldnews\/","name":"Panama Consulate","description":"Panama Consulate Mumbai","potentialAction":[{"@type":"SearchAction","target":{"@type":"EntryPoint","urlTemplate":"https:\/\/panamamissionindia.com\/oldnews\/?s={search_term_string}"},"query-input":"required name=search_term_string"}],"inLanguage":"en-US"}]}},"_links":{"self":[{"href":"https:\/\/panamamissionindia.com\/oldnews\/wp-json\/wp\/v2\/pages\/5131","targetHints":{"allow":["GET"]}}],"collection":[{"href":"https:\/\/panamamissionindia.com\/oldnews\/wp-json\/wp\/v2\/pages"}],"about":[{"href":"https:\/\/panamamissionindia.com\/oldnews\/wp-json\/wp\/v2\/types\/page"}],"author":[{"embeddable":true,"href":"https:\/\/panamamissionindia.com\/oldnews\/wp-json\/wp\/v2\/users\/1"}],"replies":[{"embeddable":true,"href":"https:\/\/panamamissionindia.com\/oldnews\/wp-json\/wp\/v2\/comments?post=5131"}],"version-history":[{"count":3,"href":"https:\/\/panamamissionindia.com\/oldnews\/wp-json\/wp\/v2\/pages\/5131\/revisions"}],"predecessor-version":[{"id":5133,"href":"https:\/\/panamamissionindia.com\/oldnews\/wp-json\/wp\/v2\/pages\/5131\/revisions\/5133"}],"wp:attachment":[{"href":"https:\/\/panamamissionindia.com\/oldnews\/wp-json\/wp\/v2\/media?parent=5131"}],"curies":[{"name":"wp","href":"https:\/\/api.w.org\/{rel}","templated":true}]}}